{"id":55,"date":"2026-04-05T09:44:24","date_gmt":"2026-04-05T07:44:24","guid":{"rendered":"https:\/\/www.pf.ujep.cz\/en\/?page_id=55"},"modified":"2026-04-05T09:44:24","modified_gmt":"2026-04-05T07:44:24","slug":"the-science-council","status":"publish","type":"page","link":"https:\/\/www.pf.ujep.cz\/en\/science-and-research\/the-science-council\/","title":{"rendered":"The Science Council"},"content":{"rendered":"<h4>Internal Members of the SC PF UJEP<\/h4>\n<ul>\n<li>doc. PaedDr. Ladislav Bl\u00e1ha, Ph.D. \u2013 the dean of PF UJEP, the chair of the science council<\/li>\n<li>doc. PhDr. Ivana A\u0161enbrenerov\u00e1, Ph.D. \u2013 Department of Music Education PF UJEP<\/li>\n<li>doc. PaedDr. Ivana Brtnov\u00e1 \u010cepi\u010dkov\u00e1, Ph.D. \u2013 Department of Pre-Primary and Primary Education PF UJEP<\/li>\n<li>prof. PaedDr. Pavel Doul\u00edk, Ph.D. \u2013 Department of Education and Applied Sciences PF UJEP<\/li>\n<li>doc. Mgr. Jitka G\u00e9ringov\u00e1, Ph.D. \u2013 Department of Art Education PF UJEP<\/li>\n<li>prof. PaedDr. Ji\u0159\u00ed Holubec, Ph.D. \u2013 Department of Music Education PF UJEP<\/li>\n<li>doc. PhDr. Vlastimil Chytr\u00fd, Ph.D. \u2013 Vice-Rector for Development and Digitalisation of UJEP<\/li>\n<li>prof. Mgr. Zdena Kole\u010dkov\u00e1, Ph.D. \u2013 Dean of Faculty of Arts and Design UJEP<\/li>\n<li>doc. Mgr. Ji\u0159\u00ed Koten, Ph.D. \u2013 Department of Bohemistics PF UJEP<\/li>\n<li>PhDr. Roman Kroufek, Ph.D. \u2013 Vice-Dean for Science and Creative Activity PF UJEP<\/li>\n<li>doc. Natalia Orlova, CSc. \u2013 Department of English PF UJEP<\/li>\n<li>doc. PhDr. PaedDr. Ilona Pe\u0161atov\u00e1, Ph.D. \u2013 Department of Special and Social Education PF UJEP<\/li>\n<li>prof. PhDr. Ji\u0159\u00ed \u0160koda, Ph.D., MBA \u2013 Department of Education and Applied Sciences PF UJEP<\/li>\n<li>prof. Mgr. ak. mal. Martin Vel\u00ed\u0161ek \u2013 Department of Art Education PF UJEP<\/li>\n<li>PhDr. Iva Wedlichov\u00e1, Ph.D. \u2013 Department of Psychology PF UJEP<\/li>\n<li>doc. PhDr. Ladislav Zilcher, Ph.D. \u2013 Department of Special and Social Education PF UJEP<\/li>\n<\/ul>\n<h4>External members of SC PF UJEP<\/h4>\n<ul>\n<li>doc. PhDr. V\u00e1clav B\u011bl\u00edk, Ph.D. \u2013 PF UHK, the ead of the Institute of Social Studies<\/li>\n<li>Prof. PhDr. Martin B\u00edlek, Ph.D. \u2013 PF UK Praha, Department of Chemistry and Didactics of Chemistry<\/li>\n<li>doc. Ladislav \u010cepi\u010dka, Ph.D. \u2013 PF Z\u010cU Plze\u0148, Physical Education and Sports centre<\/li>\n<li>prof. PhDr. Tom\u00e1\u0161 Kasper, Ph.D. \u2013 TUL Liberec, Department of Natural Science, Humanities and Education<\/li>\n<li>PhDr. Karel Kov\u00e1\u0159, Ph.D.- Czech School Inspectorate, Director of Inspection Activities Section<\/li>\n<li>prof. PaedDr. Michal Ned\u011blka, Dr. \u2013 PF UK Praha, Department of Music Education<\/li>\n<li>doc. PhDr. Ond\u0159ej Sl\u00e1dek, Ph.D. \u2013 PF MU Brno, Department of Czech language and Literature<\/li>\n<li>Mgr. Jaroslav Zahr\u00e1dka \u2013 Headmaster of \u201cGymn\u00e1zium Chomutov\u201d Secondary School<\/li>\n<\/ul>\n<p><strong><a href=\"https:\/\/www.pf.ujep.cz\/cs\/zapisy-vedecka-rada\">Minutes of the Science Council meetings<\/a><\/strong><\/p>\n","protected":false},"excerpt":{"rendered":"<p>Internal Members of the SC PF UJEP doc. PaedDr. Ladislav Bl\u00e1ha, Ph.D. \u2013 the dean of PF UJEP, the chair of the science council doc. PhDr. Ivana A\u0161enbrenerov\u00e1, Ph.D. \u2013 Department of Music Education PF UJEP doc. PaedDr. Ivana Brtnov\u00e1 \u010cepi\u010dkov\u00e1, Ph.D. \u2013 Department of Pre-Primary and Primary Education PF UJEP prof. PaedDr. Pavel Doul\u00edk, [&hellip;]<\/p>\n","protected":false},"author":1,"featured_media":0,"parent":8,"menu_order":0,"comment_status":"closed","ping_status":"closed","template":"","meta":{"_acf_changed":false,"footnotes":""},"class_list":["post-55","page","type-page","status-publish","hentry"],"acf":[],"_links":{"self":[{"href":"https:\/\/www.pf.ujep.cz\/en\/wp-json\/wp\/v2\/pages\/55","targetHints":{"allow":["GET"]}}],"collection":[{"href":"https:\/\/www.pf.ujep.cz\/en\/wp-json\/wp\/v2\/pages"}],"about":[{"href":"https:\/\/www.pf.ujep.cz\/en\/wp-json\/wp\/v2\/types\/page"}],"author":[{"embeddable":true,"href":"https:\/\/www.pf.ujep.cz\/en\/wp-json\/wp\/v2\/users\/1"}],"replies":[{"embeddable":true,"href":"https:\/\/www.pf.ujep.cz\/en\/wp-json\/wp\/v2\/comments?post=55"}],"version-history":[{"count":1,"href":"https:\/\/www.pf.ujep.cz\/en\/wp-json\/wp\/v2\/pages\/55\/revisions"}],"predecessor-version":[{"id":56,"href":"https:\/\/www.pf.ujep.cz\/en\/wp-json\/wp\/v2\/pages\/55\/revisions\/56"}],"up":[{"embeddable":true,"href":"https:\/\/www.pf.ujep.cz\/en\/wp-json\/wp\/v2\/pages\/8"}],"wp:attachment":[{"href":"https:\/\/www.pf.ujep.cz\/en\/wp-json\/wp\/v2\/media?parent=55"}],"curies":[{"name":"wp","href":"https:\/\/api.w.org\/{rel}","templated":true}]}}